{"id":1709,"date":"2025-05-22T15:17:05","date_gmt":"2025-05-22T15:17:05","guid":{"rendered":"https:\/\/enfermeracreativa.com\/?post_type=product&#038;p=1709"},"modified":"2026-04-25T14:11:25","modified_gmt":"2026-04-25T14:11:25","slug":"asesoria-marca-personal","status":"publish","type":"product","link":"https:\/\/enfermeracreativa.com\/es_es\/producto\/asesoria-marca-personal\/","title":{"rendered":"Asesoria Marca personal"},"content":{"rendered":"<h2 data-path-to-node=\"0\"><b data-path-to-node=\"2\" data-index-in-node=\"0\">Asesor\u00eda de Marca Personal<\/b><\/h2>\n<p data-path-to-node=\"3\">\u00bfSientes que tu talento no se refleja en tu presencia digital? No se trata solo de estar en redes, sino de c\u00f3mo te perciben quienes necesitan tus servicios. Esta asesor\u00eda es el impulso estrat\u00e9gico para dejar de ser uno m\u00e1s y convertirte en el referente de tu sector.<\/p>\n<p data-path-to-node=\"4\"><b data-path-to-node=\"4\" data-index-in-node=\"0\">Con esta asesor\u00eda vas a lograr:<\/b><\/p>\n<ul data-path-to-node=\"5\">\n<li>\n<p data-path-to-node=\"5,0,0\"><b data-path-to-node=\"5,0,0\" data-index-in-node=\"0\">IDENTIDAD \u00daNICA:<\/b> Definir y construir una esencia profesional que sea aut\u00e9ntica, coherente y, sobre todo, memorable.<\/p>\n<\/li>\n<li>\n<p data-path-to-node=\"5,1,0\"><b data-path-to-node=\"5,1,0\" data-index-in-node=\"0\">COMUNICACI\u00d3N EFECTIVA:<\/b> Aprender a transmitir tu valor real para conectar emocionalmente con tu audiencia ideal.<\/p>\n<\/li>\n<li>\n<p data-path-to-node=\"5,2,0\"><b data-path-to-node=\"5,2,0\" data-index-in-node=\"0\">POSICIONAMIENTO ESTRAT\u00c9GICO:<\/b> Destacar tus fortalezas para que dejes de competir por precio y empieces a destacar por autoridad.<\/p>\n<\/li>\n<li>\n<p data-path-to-node=\"5,3,0\"><b data-path-to-node=\"5,3,0\" data-index-in-node=\"0\">OBJETIVOS CLAROS:<\/b> Trazar la hoja de ruta necesaria para alcanzar tus metas profesionales en el mundo online de forma acelerada.<\/p>\n<\/li>\n<\/ul>\n<p data-path-to-node=\"6\"><b data-path-to-node=\"6\" data-index-in-node=\"0\">Tu marca personal es tu activo m\u00e1s valioso. \u00a1Es el momento de empezar a proyectar el profesional que realmente eres!<\/b><\/p>\n","protected":false},"excerpt":{"rendered":"<p><span style=\"font-weight: 400;\">Si quieres tomar las riendas de tu imagen profesional, pero necesitas la visi\u00f3n estrat\u00e9gica de un especialista para destacar tu singularidad, esta asesor\u00eda personalizada te impulsar\u00e1.<\/span><\/p>\n","protected":false},"featured_media":855,"comment_status":"open","ping_status":"closed","template":"","meta":[],"product_brand":[],"product_cat":[27],"product_tag":[],"class_list":{"0":"post-1709","1":"product","2":"type-product","3":"status-publish","4":"has-post-thumbnail","6":"product_cat-marca-personal","8":"first","9":"instock","10":"downloadable","11":"virtual","12":"taxable","13":"purchasable","14":"product-type-simple"},"_links":{"self":[{"href":"https:\/\/enfermeracreativa.com\/es_es\/wp-json\/wp\/v2\/product\/1709","targetHints":{"allow":["GET"]}}],"collection":[{"href":"https:\/\/enfermeracreativa.com\/es_es\/wp-json\/wp\/v2\/product"}],"about":[{"href":"https:\/\/enfermeracreativa.com\/es_es\/wp-json\/wp\/v2\/types\/product"}],"replies":[{"embeddable":true,"href":"https:\/\/enfermeracreativa.com\/es_es\/wp-json\/wp\/v2\/comments?post=1709"}],"wp:featuredmedia":[{"embeddable":true,"href":"https:\/\/enfermeracreativa.com\/es_es\/wp-json\/wp\/v2\/media\/855"}],"wp:attachment":[{"href":"https:\/\/enfermeracreativa.com\/es_es\/wp-json\/wp\/v2\/media?parent=1709"}],"wp:term":[{"taxonomy":"product_brand","embeddable":true,"href":"https:\/\/enfermeracreativa.com\/es_es\/wp-json\/wp\/v2\/product_brand?post=1709"},{"taxonomy":"product_cat","embeddable":true,"href":"https:\/\/enfermeracreativa.com\/es_es\/wp-json\/wp\/v2\/product_cat?post=1709"},{"taxonomy":"product_tag","embeddable":true,"href":"https:\/\/enfermeracreativa.com\/es_es\/wp-json\/wp\/v2\/product_tag?post=1709"}],"curies":[{"name":"wp","href":"https:\/\/api.w.org\/{rel}","templated":true}]}}