{"id":1042,"date":"2025-04-30T09:19:22","date_gmt":"2025-04-30T09:19:22","guid":{"rendered":"https:\/\/enfermeracreativa.com\/?page_id=1042"},"modified":"2026-02-28T09:47:57","modified_gmt":"2026-02-28T09:47:57","slug":"politica-privacidad","status":"publish","type":"page","link":"https:\/\/enfermeracreativa.com\/es_es\/politica-privacidad\/","title":{"rendered":"Politica privacidad"},"content":{"rendered":"\t\t<div data-elementor-type=\"wp-page\" data-elementor-id=\"1042\" class=\"elementor elementor-1042\" data-elementor-post-type=\"page\">\n\t\t\t\t<div class=\"elementor-element elementor-element-5034748 e-flex e-con-boxed e-con e-parent\" data-id=\"5034748\" data-element_type=\"container\" data-e-type=\"container\" data-settings=\"{&quot;background_background&quot;:&quot;classic&quot;}\">\n\t\t\t\t\t<div class=\"e-con-inner\">\n\t\t\t\t<div class=\"elementor-element elementor-element-5c7f421 elementor-widget elementor-widget-heading\" data-id=\"5c7f421\" data-element_type=\"widget\" data-e-type=\"widget\" data-widget_type=\"heading.default\">\n\t\t\t\t<div class=\"elementor-widget-container\">\n\t\t\t\t\t<h2 class=\"elementor-heading-title elementor-size-default\">Pol\u00edtica de privacidad<\/h2>\t\t\t\t<\/div>\n\t\t\t\t<\/div>\n\t\t\t\t\t<\/div>\n\t\t\t\t<\/div>\n\t\t<div class=\"elementor-element elementor-element-e70e5c8 e-con-full e-flex e-con e-parent\" data-id=\"e70e5c8\" data-element_type=\"container\" data-e-type=\"container\">\n\t\t<div class=\"elementor-element elementor-element-1fc2ca6 e-con-full e-flex e-con e-child\" data-id=\"1fc2ca6\" data-element_type=\"container\" data-e-type=\"container\">\n\t\t<div class=\"elementor-element elementor-element-8ad891d e-con-full e-flex e-con e-child\" data-id=\"8ad891d\" data-element_type=\"container\" data-e-type=\"container\" data-settings=\"{&quot;sticky&quot;:&quot;top&quot;,&quot;sticky_offset&quot;:1,&quot;sticky_effects_offset&quot;:1,&quot;sticky_on&quot;:[&quot;desktop&quot;,&quot;tablet&quot;],&quot;sticky_parent&quot;:&quot;yes&quot;,&quot;sticky_anchor_link_offset&quot;:0}\">\n\t\t\t\t<div class=\"elementor-element elementor-element-4f1eefd elementor-widget elementor-widget-image\" data-id=\"4f1eefd\" data-element_type=\"widget\" data-e-type=\"widget\" data-widget_type=\"image.default\">\n\t\t\t\t<div class=\"elementor-widget-container\">\n\t\t\t\t\t\t\t\t\t\t\t\t\t\t\t<img fetchpriority=\"high\" decoding=\"async\" width=\"300\" height=\"300\" src=\"https:\/\/enfermeracreativa.com\/wp-content\/uploads\/2025\/04\/logoEnfermeraCrativa-300x300.png\" class=\"attachment-medium size-medium wp-image-854\" alt=\"\" srcset=\"https:\/\/enfermeracreativa.com\/wp-content\/uploads\/2025\/04\/logoEnfermeraCrativa-300x300.png 300w, https:\/\/enfermeracreativa.com\/wp-content\/uploads\/2025\/04\/logoEnfermeraCrativa-100x100.png 100w, https:\/\/enfermeracreativa.com\/wp-content\/uploads\/2025\/04\/logoEnfermeraCrativa-150x150.png 150w, https:\/\/enfermeracreativa.com\/wp-content\/uploads\/2025\/04\/logoEnfermeraCrativa.png 500w\" sizes=\"(max-width: 300px) 100vw, 300px\" \/>\t\t\t\t\t\t\t\t\t\t\t\t\t\t\t<\/div>\n\t\t\t\t<\/div>\n\t\t\t\t<div class=\"elementor-element elementor-element-0cd6dd9 elementor-nav-menu__align-start elementor-nav-menu--dropdown-tablet elementor-nav-menu__text-align-aside elementor-nav-menu--toggle elementor-nav-menu--burger elementor-widget elementor-widget-nav-menu\" data-id=\"0cd6dd9\" data-element_type=\"widget\" data-e-type=\"widget\" data-settings=\"{&quot;layout&quot;:&quot;vertical&quot;,&quot;submenu_icon&quot;:{&quot;value&quot;:&quot;&lt;i class=\\&quot;fas fa-caret-down\\&quot; aria-hidden=\\&quot;true\\&quot;&gt;&lt;\\\/i&gt;&quot;,&quot;library&quot;:&quot;fa-solid&quot;},&quot;toggle&quot;:&quot;burger&quot;}\" data-widget_type=\"nav-menu.default\">\n\t\t\t\t<div class=\"elementor-widget-container\">\n\t\t\t\t\t\t\t\t<nav aria-label=\"Menu\" class=\"elementor-nav-menu--main elementor-nav-menu__container elementor-nav-menu--layout-vertical e--pointer-underline e--animation-fade\">\n\t\t\t\t<ul id=\"menu-1-0cd6dd9\" class=\"elementor-nav-menu sm-vertical\"><li class=\"menu-item menu-item-type-post_type menu-item-object-page menu-item-1110\"><a href=\"https:\/\/enfermeracreativa.com\/es_es\/aviso-legal\/\" class=\"elementor-item\">Aviso legal<\/a><\/li>\n<li class=\"menu-item menu-item-type-post_type menu-item-object-page menu-item-1059\"><a href=\"https:\/\/enfermeracreativa.com\/es_es\/politica-de-cookies\/\" class=\"elementor-item\">Politica de cookies<\/a><\/li>\n<li class=\"menu-item menu-item-type-post_type menu-item-object-page menu-item-privacy-policy menu-item-1060\"><a rel=\"privacy-policy\" href=\"https:\/\/enfermeracreativa.com\/es_es\/politica-privacidad\/\" class=\"elementor-item\">Politica privacidad<\/a><\/li>\n<li class=\"menu-item menu-item-type-post_type menu-item-object-page menu-item-2366\"><a href=\"https:\/\/enfermeracreativa.com\/es_es\/condiciones-comerciales\/\" class=\"elementor-item\">Condiciones Comerciales<\/a><\/li>\n<\/ul>\t\t\t<\/nav>\n\t\t\t\t\t<div class=\"elementor-menu-toggle\" role=\"button\" tabindex=\"0\" aria-label=\"Alternar men\u00fa\" aria-expanded=\"false\">\n\t\t\t<i aria-hidden=\"true\" role=\"presentation\" class=\"elementor-menu-toggle__icon--open eicon-menu-bar\"><\/i><i aria-hidden=\"true\" role=\"presentation\" class=\"elementor-menu-toggle__icon--close eicon-close\"><\/i>\t\t<\/div>\n\t\t\t\t\t<nav class=\"elementor-nav-menu--dropdown elementor-nav-menu__container\" aria-hidden=\"true\">\n\t\t\t\t<ul id=\"menu-2-0cd6dd9\" class=\"elementor-nav-menu sm-vertical\"><li class=\"menu-item menu-item-type-post_type menu-item-object-page menu-item-1110\"><a href=\"https:\/\/enfermeracreativa.com\/es_es\/aviso-legal\/\" class=\"elementor-item\" tabindex=\"-1\">Aviso legal<\/a><\/li>\n<li class=\"menu-item menu-item-type-post_type menu-item-object-page menu-item-1059\"><a href=\"https:\/\/enfermeracreativa.com\/es_es\/politica-de-cookies\/\" class=\"elementor-item\" tabindex=\"-1\">Politica de cookies<\/a><\/li>\n<li class=\"menu-item menu-item-type-post_type menu-item-object-page menu-item-privacy-policy menu-item-1060\"><a rel=\"privacy-policy\" href=\"https:\/\/enfermeracreativa.com\/es_es\/politica-privacidad\/\" class=\"elementor-item\" tabindex=\"-1\">Politica privacidad<\/a><\/li>\n<li class=\"menu-item menu-item-type-post_type menu-item-object-page menu-item-2366\"><a href=\"https:\/\/enfermeracreativa.com\/es_es\/condiciones-comerciales\/\" class=\"elementor-item\" tabindex=\"-1\">Condiciones Comerciales<\/a><\/li>\n<\/ul>\t\t\t<\/nav>\n\t\t\t\t\t\t<\/div>\n\t\t\t\t<\/div>\n\t\t\t\t<\/div>\n\t\t\t\t<\/div>\n\t\t<div class=\"elementor-element elementor-element-cb824c6 e-con-full e-flex e-con e-child\" data-id=\"cb824c6\" data-element_type=\"container\" data-e-type=\"container\">\n\t\t\t\t<div class=\"elementor-element elementor-element-b844a0d elementor-widget elementor-widget-text-editor\" data-id=\"b844a0d\" data-element_type=\"widget\" data-e-type=\"widget\" data-widget_type=\"text-editor.default\">\n\t\t\t\t<div class=\"elementor-widget-container\">\n\t\t\t\t\t\t\t\t\t<p><span style=\"font-weight: 400;\">En cumplimiento del Cap\u00edtulo II de la ley 34\/2002, LSSICE, les informamos de que la presente p\u00e1gina web es propiedad de <\/span><span style=\"font-weight: 400;\">Ana Isabel Teixeira Pimenta<\/span><span style=\"font-weight: 400;\">, de ahora en adelante \u201cel titular\u201d, domiciliada en <\/span><span style=\"font-weight: 400;\">Carrer de Castanys 10, 08005 Barcelona<\/span><span style=\"font-weight: 400;\">, con n\u00famero de tel\u00e9fono de contacto <\/span><span style=\"font-weight: 400;\">602012864<\/span><span style=\"font-weight: 400;\"> y email <\/span><span style=\"font-weight: 400;\"><a href=\"http:\/\/info@enfermeracreativa.com.\">info@enfermeracreativa.com.<\/a>\u00a0\u00a0<\/span><\/p><p><span style=\"font-weight: 400;\">En este sentido, el titular garantiza que <a href=\"http:\/\/www.enfermeracreativa.com\">www.enfermeracreativa.com <\/a><\/span><span style=\"font-weight: 400;\">cumple con la normativa vigente en materia de protecci\u00f3n de datos personales reflejada en la Ley Org\u00e1nica 3\/2018, de 5 de diciembre, de Protecci\u00f3n de Datos Personales y de Garant\u00eda de Derechos Digitales (LOPD GDD); con el Reglamento (UE) 2016\/679 del Parlamento Europeo y del Consejo de 27 de abril de 2016, relativo a la protecci\u00f3n de las personas f\u00edsicas (RGPD); y la Ley 34\/2002, de 11 de julio, de Servicios de la Sociedad de la Informaci\u00f3n y Comercio Electr\u00f3nico (LSSICE o LSSI).<\/span><\/p><p><span style=\"font-weight: 400;\">El uso de este sitio web implica la aceptaci\u00f3n de esta Pol\u00edtica de Privacidad, as\u00ed como las condiciones incluidas en el <\/span><span style=\"font-weight: 400;\">AVISO LEGAL.<\/span><\/p>\t\t\t\t\t\t\t\t<\/div>\n\t\t\t\t<\/div>\n\t\t\t\t<div class=\"elementor-element elementor-element-aaa3def elementor-widget elementor-widget-text-editor\" data-id=\"aaa3def\" data-element_type=\"widget\" data-e-type=\"widget\" data-widget_type=\"text-editor.default\">\n\t\t\t\t<div class=\"elementor-widget-container\">\n\t\t\t\t\t\t\t\t\t<p><b>PRINCIPIOS APLICADOS EN EL TRATAMIENTO DE DATOS<\/b><\/p>\n<p><span style=\"font-weight: 400;\">En el tratamiento de los datos personales del usuario, el titular aplicar\u00e1 los siguientes principios, que se ajustan a las exigencias del nuevo reglamento europeo de protecci\u00f3n de datos:<\/span><\/p>\n<ul>\n<li style=\"font-weight: 400;\" aria-level=\"1\"><span style=\"font-weight: 400;\">Principio de licitud, lealtad y transparencia: El titular siempre requerir\u00e1 el consentimiento para el tratamiento de los datos personales del usuario para uno o varios fines espec\u00edficos de los que se le informar\u00e1 previamente con absoluta transparencia.<\/span><\/li>\n<li style=\"font-weight: 400;\" aria-level=\"1\"><span style=\"font-weight: 400;\">Principio de minimizaci\u00f3n de datos: El titular solicitar\u00e1 los datos estrictamente necesarios para el fin o los fines para los que los solicita.<\/span><\/li>\n<li style=\"font-weight: 400;\" aria-level=\"1\"><span style=\"font-weight: 400;\">Principio de limitaci\u00f3n del plazo de conservaci\u00f3n: Los datos se mantendr\u00e1n durante el tiempo estrictamente necesario para el fin o los fines del tratamiento.<\/span><span style=\"font-weight: 400;\"><br><\/span><span style=\"font-weight: 400;\">El titular le informar\u00e1 del plazo de conservaci\u00f3n correspondiente, seg\u00fan la finalidad. En el caso de las suscripciones, el titular revisar\u00e1 peri\u00f3dicamente las listas y eliminar\u00e1 aquellos registros inactivos durante un tiempo considerable.<\/span><\/li><li style=\"font-weight: 400;\" aria-level=\"1\">Principio de integridad y confidencialidad: Los datos del usuario ser\u00e1n tratados de tal manera que su seguridad, confidencialidad e integridad est\u00e9n garantizadas.<\/li><\/ul><div><br><\/div><p><span style=\"font-weight: 400;\">Debe saber que el Titular toma las precauciones necesarias para evitar el acceso no autorizado o uso indebido de los datos de los usuarios por parte de terceros.<\/span><\/p>\t\t\t\t\t\t\t\t<\/div>\n\t\t\t\t<\/div>\n\t\t\t\t<div class=\"elementor-element elementor-element-93c19f8 elementor-widget elementor-widget-text-editor\" data-id=\"93c19f8\" data-element_type=\"widget\" data-e-type=\"widget\" data-widget_type=\"text-editor.default\">\n\t\t\t\t<div class=\"elementor-widget-container\">\n\t\t\t\t\t\t\t\t\t<p><b>OBTENCI\u00d3N DE DATOS PERSONALES<\/b><\/p><p><span style=\"font-weight: 400;\">Cuando el usuario entra en<\/span><a href=\"http:\/\/www.enfermeracreativa.com\"><span style=\"font-weight: 400;\"> www.enfermeracreativa.com <\/span><\/a><span style=\"font-weight: 400;\">para mandar un correo al titular, se suscribe a su bolet\u00edn o realiza una contrataci\u00f3n, est\u00e1 facilitando informaci\u00f3n de car\u00e1cter personal de la que el responsable es el titular.\u00a0<\/span><\/p><p><span style=\"font-weight: 400;\">El titular, mediante asterisco (*) en las casillas correspondientes del formulario de contacto, informa de esta obligatoriedad al usuario, indicando qu\u00e9 datos son necesarios.\u00a0<\/span><\/p><p><span style=\"font-weight: 400;\">Esta informaci\u00f3n puede incluir datos de car\u00e1cter personal, como pueden ser su direcci\u00f3n IP, nombre y apellidos, direcci\u00f3n f\u00edsica, direcci\u00f3n de correo electr\u00f3nico, n\u00famero de tel\u00e9fono, etc. Al facilitar esta informaci\u00f3n, el usuario da su consentimiento inequ\u00edvoco al titular para que su informaci\u00f3n sea recopilada, utilizada, gestionada y almacenada.<\/span><\/p><p><span style=\"font-weight: 400;\">No facilitar los datos personales solicitados o no aceptar la presente pol\u00edtica de protecci\u00f3n de datos supone la imposibilidad de suscribirse, registrarse o recibir informaci\u00f3n de los productos y servicios del titular.<\/span><\/p>\t\t\t\t\t\t\t\t<\/div>\n\t\t\t\t<\/div>\n\t\t\t\t<div class=\"elementor-element elementor-element-223d443 elementor-widget elementor-widget-text-editor\" data-id=\"223d443\" data-element_type=\"widget\" data-e-type=\"widget\" data-widget_type=\"text-editor.default\">\n\t\t\t\t<div class=\"elementor-widget-container\">\n\t\t\t\t\t\t\t\t\t<p><b>FINALIDAD DEL TRATAMIENTO DE DATOS PERSONALES\u00a0<\/b><\/p><p><span style=\"font-weight: 400;\">A efectos de lo que prev\u00e9 la LOPD, el titular informa al usuario de que los datos que voluntariamente nos est\u00e1 facilitando ser\u00e1n incorporados a sus sistemas de informaci\u00f3n, con el fin de realizar las gestiones comerciales y administrativas necesarias.<\/span><\/p><p><span style=\"font-weight: 400;\">Dichos datos ser\u00e1n tratados para las siguientes finalidades:\u00a0<\/span><\/p><ul><li style=\"font-weight: 400;\" aria-level=\"1\"><span style=\"font-weight: 400;\">Responder a las consultas y\/o proporcionar informaciones requeridas por el usuario<\/span><\/li><li style=\"font-weight: 400;\" aria-level=\"1\"><span style=\"font-weight: 400;\">Realizar las prestaciones de servicios y\/o productos contratados o suscritos por el usuario<\/span><\/li><li style=\"font-weight: 400;\" aria-level=\"1\"><span style=\"font-weight: 400;\">Realizar todas aquellas actividades propias del titular rese\u00f1adas en el presente aviso legal y remitir el bolet\u00edn de noticias de la p\u00e1gina web.<\/span><\/li><li style=\"font-weight: 400;\" aria-level=\"1\"><span style=\"font-weight: 400;\">Garantizar el cumplimiento de las condiciones recogidas en el <\/span><span style=\"font-weight: 400;\">Aviso Legal<\/span> <span style=\"font-weight: 400;\">y en la ley aplicable. Esto puede incluir el desarrollo de herramientas y algoritmos que ayuden a este sitio web a garantizar la confidencialidad de los datos personales que recoge.<\/span><\/li><li style=\"font-weight: 400;\" aria-level=\"1\"><span style=\"font-weight: 400;\">Apoyar y mejorar los servicios que ofrece este sitio web.<\/span><\/li><li style=\"font-weight: 400;\" aria-level=\"1\"><span style=\"font-weight: 400;\">Analizar la navegaci\u00f3n. El titular recoge otros datos no identificativos que se obtienen mediante el uso de cookies que se descargan en el ordenador del usuario cuando navega por el sitio web, cuyas caracter\u00edsticas y finalidad est\u00e1n detalladas en la<\/span><span style=\"font-weight: 400;\"> POL\u00cdTICA DE COOKIES.<\/span><\/li><li style=\"font-weight: 400;\" aria-level=\"1\"><span style=\"font-weight: 400;\">Para gestionar las redes sociales. El titular tiene presencia en redes sociales. Si el usuario se hace seguidor del titular en las redes sociales, el tratamiento de los datos personales se regir\u00e1 por este apartado, as\u00ed como por aquellas condiciones de uso, pol\u00edticas de privacidad y normativas de acceso que pertenezcan a la red social que proceda en cada caso y que ha aceptado previamente.<\/span><\/li><\/ul>\t\t\t\t\t\t\t\t<\/div>\n\t\t\t\t<\/div>\n\t\t\t\t<div class=\"elementor-element elementor-element-9205984 elementor-widget elementor-widget-text-editor\" data-id=\"9205984\" data-element_type=\"widget\" data-e-type=\"widget\" data-widget_type=\"text-editor.default\">\n\t\t\t\t<div class=\"elementor-widget-container\">\n\t\t\t\t\t\t\t\t\t<p><b>SEGURIDAD DE LOS DATOS PERSONALES<\/b><\/p><p><span style=\"font-weight: 400;\">Para proteger los datos personales del usuario, el titular tomar\u00e1 todas las precauciones razonables y llevar\u00e1 a cabo las mejores pr\u00e1cticas para evitar su p\u00e9rdida, mal uso, acceso indebido, divulgaci\u00f3n, alteraci\u00f3n o destrucci\u00f3n.<\/span><\/p><p><span style=\"font-weight: 400;\">El sitio web est\u00e1 alojado en\u00a0<\/span><a href=\"https:\/\/enfermeracreativa.com\/\">https:\/\/enfermeracreativa.com\/\u00a0<\/a><\/p><p><span style=\"font-weight: 400;\">La seguridad de los datos del usuario est\u00e1 garantizada, ya que se toman todas las medidas de seguridad necesarias para ello. Este<\/span><span style=\"font-weight: 400;\"> puede consultar su pol\u00edtica de privacidad<\/span> <span style=\"font-weight: 400;\">para tener m\u00e1s informaci\u00f3n.<\/span><\/p><p><span style=\"font-weight: 400;\">El titular garantiza que ha implementado pol\u00edticas t\u00e9cnicas y organizativas apropiadas para aplicar las medidas de seguridad que establecen el RGPD y la LOPD para proteger los derechos y libertades de los usuarios.<\/span><\/p><p><span style=\"font-weight: 400;\">En conformidad con lo que disponen las normativas vigentes en materia de protecci\u00f3n de datos personales, el titular est\u00e1 cumpliendo con todas las disposiciones de las normativas RGPD y LOPD para el tratamiento de los datos personales, y manifiestamente con los principios descritos en el art. 5 del RGPD y el art. 4 de la LOPD, seg\u00fan los cuales estos datos son tratados de manera l\u00edcita, leal y transparente y usados para los fines para los que han sido recogidos. <\/span><\/p>\t\t\t\t\t\t\t\t<\/div>\n\t\t\t\t<\/div>\n\t\t\t\t<div class=\"elementor-element elementor-element-4884a7f elementor-widget elementor-widget-text-editor\" data-id=\"4884a7f\" data-element_type=\"widget\" data-e-type=\"widget\" data-widget_type=\"text-editor.default\">\n\t\t\t\t<div class=\"elementor-widget-container\">\n\t\t\t\t\t\t\t\t\t<p><b>RECTIFICACI\u00d3N, PORTABILIDAD Y SUPRESI\u00d3N DE SUS DATOS<\/b><\/p><p><span style=\"font-weight: 400;\">De acuerdo con estas normativas, el titular informa al usuario de que tiene derecho a:<\/span><\/p><ul><li style=\"font-weight: 400;\" aria-level=\"1\"><span style=\"font-weight: 400;\">Solicitar el acceso a sus datos almacenados.<\/span><\/li><li style=\"font-weight: 400;\" aria-level=\"1\"><span style=\"font-weight: 400;\">Solicitar una rectificaci\u00f3n o la cancelaci\u00f3n de sus datos.<\/span><\/li><li style=\"font-weight: 400;\" aria-level=\"1\"><span style=\"font-weight: 400;\">Solicitar la limitaci\u00f3n del tratamiento de sus datos.<\/span><\/li><li style=\"font-weight: 400;\" aria-level=\"1\"><span style=\"font-weight: 400;\">Oponerse al tratamiento de sus datos.<\/span><\/li><li style=\"font-weight: 400;\" aria-level=\"1\"><span style=\"font-weight: 400;\">Solicitar la portabilidad de sus datos.<\/span><\/li><\/ul><div>\u00a0<\/div><p><span style=\"font-weight: 400;\">Estos derechos son personales y, por tanto, deben ser ejercidos directamente por el interesado, solicit\u00e1ndoselo al titular.\u00a0<\/span><\/p><p><span style=\"font-weight: 400;\">Para ejercitar sus derechos de acceso, rectificaci\u00f3n, cancelaci\u00f3n, portabilidad y oposici\u00f3n, el usuario tiene que dirigirse a <\/span><span style=\"font-weight: 400;\">Carrer de Castanys 10, P01, 08005 Barcelona<\/span><span style=\"font-weight: 400;\"> o enviar un correo electr\u00f3nico a <\/span><a href=\"mailto:info@enfermeracreativa.com\"><span style=\"font-weight: 400;\">info@enfermeracreativa.com<\/span><\/a><span style=\"font-weight: 400;\">, indicando en asunto: \u201cLOPD, Derechos ARCO\u201d, y adjuntando fotocopia de su DNI o cualquier medio an\u00e1logo en derecho, tal y como indica la ley.\u00a0<\/span><\/p><p><span style=\"font-weight: 400;\">Tiene derecho a retirar el consentimiento prestado en cualquier momento. La retirada del consentimiento no afectar\u00e1 a la licitud del tratamiento efectuado antes de la retirada del mismo.\u00a0<\/span><\/p><p><span style=\"font-weight: 400;\">Tambi\u00e9n tiene derecho a presentar una reclamaci\u00f3n ante la autoridad de control, si considera que pueden haberse visto vulnerados sus derechos en relaci\u00f3n a la protecci\u00f3n de sus datos (<a href=\"https:\/\/www.aepd.es\/\">www.agpd.es<\/a>).<\/span><\/p>\t\t\t\t\t\t\t\t<\/div>\n\t\t\t\t<\/div>\n\t\t\t\t<div class=\"elementor-element elementor-element-0df4c7a elementor-widget elementor-widget-text-editor\" data-id=\"0df4c7a\" data-element_type=\"widget\" data-e-type=\"widget\" data-widget_type=\"text-editor.default\">\n\t\t\t\t<div class=\"elementor-widget-container\">\n\t\t\t\t\t\t\t\t\t<p><b>CONFIDENCIALIDAD Y DESTINATARIO DE LOS DATOS PERSONALES\u00a0<\/b><\/p><p><span style=\"font-weight: 400;\">Los datos que nos facilite el usuario se tratar\u00e1n de forma confidencial. El titular adoptar\u00e1 todas las medidas t\u00e9cnicas y organizativas y todos los niveles de protecci\u00f3n necesarios para garantizar la seguridad en el tratamiento de los datos y evitar su alteraci\u00f3n, p\u00e9rdida, robo, tratamiento o acceso no autorizado, de acuerdo con el estado de la tecnolog\u00eda y naturaleza de los datos almacenados.<\/span><\/p><p><span style=\"font-weight: 400;\">As\u00ed mismo, se garantiza tambi\u00e9n que el tratamiento y registro en ficheros, programas, sistemas o equipos, locales y centros cumplen con los requisitos y condiciones de integridad y seguridad establecidos en la normativa vigente. <\/span><\/p>\t\t\t\t\t\t\t\t<\/div>\n\t\t\t\t<\/div>\n\t\t\t\t<div class=\"elementor-element elementor-element-ad1395d elementor-widget elementor-widget-text-editor\" data-id=\"ad1395d\" data-element_type=\"widget\" data-e-type=\"widget\" data-widget_type=\"text-editor.default\">\n\t\t\t\t<div class=\"elementor-widget-container\">\n\t\t\t\t\t\t\t\t\t<p><b>LEGITIMACI\u00d3N PARA EL TRATAMIENTO DE SUS DATOS\u00a0<\/b><\/p><p><span style=\"font-weight: 400;\">El usuario declara haber sido informado de las condiciones sobre protecci\u00f3n de datos de car\u00e1cter personal, aceptando y consintiendo el tratamiento automatizado de los mismos por parte del titular, en la forma y para las finalidades indicadas en la presente <\/span><span style=\"font-weight: 400;\">Pol\u00edtica de Protecci\u00f3n de Datos Personales.<\/span><\/p><p><span style=\"font-weight: 400;\">A trav\u00e9s de esta Pol\u00edtica de Privacidad, se informa al usuario de que las fotograf\u00edas que est\u00e9n colgadas en la web son propiedad del titular, incluyendo las de los menores, cuya obtenci\u00f3n ha tenido lugar previo consentimiento de los padres, tutores o representantes legales.\u00a0<\/span><\/p><p><span style=\"font-weight: 400;\">Sin embargo, los padres, tutores o representantes de los menores, como titulares del ejercicio de la patria potestad sobre estos, y siempre previo requerimiento formal por escrito, pueden indicar su negativa al uso de la imagen del menor. En ese caso, la imagen se mostrar\u00e1 pixelada.<\/span><\/p>\t\t\t\t\t\t\t\t<\/div>\n\t\t\t\t<\/div>\n\t\t\t\t<div class=\"elementor-element elementor-element-0cc17b5 elementor-widget elementor-widget-text-editor\" data-id=\"0cc17b5\" data-element_type=\"widget\" data-e-type=\"widget\" data-widget_type=\"text-editor.default\">\n\t\t\t\t<div class=\"elementor-widget-container\">\n\t\t\t\t\t\t\t\t\t<p><b>EXACTITUD Y VERACIDAD DE LOS DATOS<\/b><\/p><p><span style=\"font-weight: 400;\">El usuario es el \u00fanico responsable de la veracidad y correcci\u00f3n de los datos que remita al titular, exoner\u00e1ndole de cualquier responsabilidad al respecto.\u00a0<\/span><\/p><p><span style=\"font-weight: 400;\">El usuario garantiza y responde, en cualquier caso, de la exactitud, vigencia y autenticidad de los datos personales facilitados, y se compromete a mantenerlos debidamente actualizados.\u00a0<\/span><\/p><p><span style=\"font-weight: 400;\">El usuario acepta proporcionar informaci\u00f3n completa y correcta en el formulario de registro o suscripci\u00f3n.<\/span><\/p>\t\t\t\t\t\t\t\t<\/div>\n\t\t\t\t<\/div>\n\t\t\t\t<div class=\"elementor-element elementor-element-5cf4a7f elementor-widget elementor-widget-text-editor\" data-id=\"5cf4a7f\" data-element_type=\"widget\" data-e-type=\"widget\" data-widget_type=\"text-editor.default\">\n\t\t\t\t<div class=\"elementor-widget-container\">\n\t\t\t\t\t\t\t\t\t<p><b>MENORES DE EDAD<\/b><\/p><p><span style=\"font-weight: 400;\">Se hace expresa menci\u00f3n a los menores de 14 a\u00f1os, en relaci\u00f3n al tratamiento de sus datos personales. Los menores no podr\u00e1n acceder al presente sitio web sin el consentimiento de sus padres o tutores. En este sentido, el titular no se hace responsable frente al incumplimiento de esta previsi\u00f3n.\u00a0<\/span><\/p>\t\t\t\t\t\t\t\t<\/div>\n\t\t\t\t<\/div>\n\t\t\t\t<div class=\"elementor-element elementor-element-f383eb4 elementor-widget elementor-widget-text-editor\" data-id=\"f383eb4\" data-element_type=\"widget\" data-e-type=\"widget\" data-widget_type=\"text-editor.default\">\n\t\t\t\t<div class=\"elementor-widget-container\">\n\t\t\t\t\t\t\t\t\t<p><b>CONSERVACION DE DATOS PERSONALES<\/b><\/p><p><span style=\"font-weight: 400;\">Los datos tratados se mantendr\u00e1n hasta que expiren los plazos legales establecidos para la conservaci\u00f3n de datos, si hubiera obligaci\u00f3n legal de mantenimiento.\u00a0<\/span><\/p><p><span style=\"font-weight: 400;\">De no existir ese plazo legal, se conservar\u00e1n hasta que el interesado solicite su supresi\u00f3n o revoque el consentimiento otorgado.<\/span><\/p>\t\t\t\t\t\t\t\t<\/div>\n\t\t\t\t<\/div>\n\t\t\t\t<div class=\"elementor-element elementor-element-f78beeb elementor-widget elementor-widget-text-editor\" data-id=\"f78beeb\" data-element_type=\"widget\" data-e-type=\"widget\" data-widget_type=\"text-editor.default\">\n\t\t\t\t<div class=\"elementor-widget-container\">\n\t\t\t\t\t\t\t\t\t<p><b>CONTENIDO DE OTRO SITIO WEB\u00a0<\/b><\/p><p><span style=\"font-weight: 400;\">Las p\u00e1ginas de este sitio web pueden incluir contenido incrustado (por ejemplo, v\u00eddeos, im\u00e1genes, art\u00edculos, etc.). El contenido incrustado de otra web se comporta exactamente de la misma manera que si el usuario hubiera visitado la otra web.<\/span><\/p><p><span style=\"font-weight: 400;\">Estos sitios web pueden recopilar datos sobre el usuario, utilizar cookies, incrustar un c\u00f3digo de seguimiento adicional de terceros y supervisar la interacci\u00f3n del usuario usando este c\u00f3digo.<\/span><\/p><p><span style=\"font-weight: 400;\">El titular no asume ning\u00fan tipo de responsabilidad por la informaci\u00f3n contenida en las webs de terceros a las que se pueda acceder a trav\u00e9s de los o enlaces, desde cualquier p\u00e1gina web propiedad del titular.<\/span><\/p><p><span style=\"font-weight: 400;\">La presencia de enlaces s\u00f3lo tiene finalidad informativa y en ning\u00fan caso supone ninguna sugerencia, invitaci\u00f3n o reconocimiento sobre los mismos.<\/span><\/p><p>En nuestras conversaciones de atenci\u00f3n a trav\u00e9s de canales como Instagram o Facebook Messenger, utilizamos respuestas automatizadas para agilizar la comunicaci\u00f3n.<\/p><p>En determinadas fases de la conversaci\u00f3n, y solo si el usuario contin\u00faa la interacci\u00f3n, podemos emplear sistemas de inteligencia artificial para interpretar preguntas y ofrecer informaci\u00f3n sobre nuestros productos.<\/p><p>Estos sistemas no almacenan ni procesan informaci\u00f3n personal identificable y se limitan a generar respuestas basadas en nuestra propia documentaci\u00f3n interna.<\/p>\t\t\t\t\t\t\t\t<\/div>\n\t\t\t\t<\/div>\n\t\t\t\t<div class=\"elementor-element elementor-element-d7bb63a elementor-widget elementor-widget-text-editor\" data-id=\"d7bb63a\" data-element_type=\"widget\" data-e-type=\"widget\" data-widget_type=\"text-editor.default\">\n\t\t\t\t<div class=\"elementor-widget-container\">\n\t\t\t\t\t\t\t\t\t<p><b>PUBLICACI\u00d3N DE TESTIMONIOS\u00a0<\/b><\/p><p><span style=\"font-weight: 400;\">En el supuesto de que el usuario quiera publicar su opini\u00f3n en la web, le informamos de que los datos aportados ser\u00e1n tratados para atender las sugerencias propuestas o compartir experiencias u opiniones respecto de los productos y\/o servicios en la p\u00e1gina web y as\u00ed poder ayudar a otros usuarios.\u00a0<\/span><\/p><p><span style=\"font-weight: 400;\">Los datos se conservar\u00e1n mientras haya un inter\u00e9s mutuo por mantener el fin del tratamiento, y, cuando ya no sea necesario para tal fin, se suprimir\u00e1n con medidas de seguridad adecuadas para garantizar la seudonimizaci\u00f3n de los datos o destrucci\u00f3n total de los mismos. Los testimonios se publicar\u00e1n en nuestra p\u00e1gina web. Los \u00fanicos datos personales que se publicar\u00e1n de la persona que da su testimonio ser\u00e1n su nombre y su foto, y su v\u00eddeo, si lo hubiera.\u00a0<\/span><\/p><p><b>SUBSCRIPCI\u00d3N AL BLOG\u00a0<\/b><\/p><p><span style=\"font-weight: 400;\">En el supuesto de que el usuario se suscriba al blog, queda informado de que los datos aportados ser\u00e1n tratados para gestionar su suscripci\u00f3n al blog informativo y avisarle de posibles actualizaciones, y que se conservar\u00e1n mientras haya un inter\u00e9s mutuo por mantener el fin del tratamiento.\u00a0<\/span><\/p><p><span style=\"font-weight: 400;\">Cuando ya no sean necesarios para tal fin, se suprimir\u00e1n con medidas de seguridad adecuadas para garantizar la seudonimizaci\u00f3n de los datos o destrucci\u00f3n total de los mismos. No se comunicar\u00e1n los datos a terceros, excepto obligaci\u00f3n legal en contrario.<\/span><\/p><p><b>CORREOS COMERCIALES<\/b><\/p><p><span style=\"font-weight: 400;\">De acuerdo con la LSSICE, el titular no realizar\u00e1 pr\u00e1cticas de SPAM, por lo que no enviar\u00e1 correos comerciales por e-mail que no hayan sido previamente solicitados o autorizados por el usuario. En consecuencia, en cada uno de los formularios de<\/span><a href=\"http:\/\/www.enfermeracreativa.com\"><span style=\"font-weight: 400;\"> www.enfermeracreativa.com <\/span><\/a><span style=\"font-weight: 400;\">, el usuario tiene la posibilidad de dar su consentimiento expreso para recibir el Bolet\u00edn, con independencia de la informaci\u00f3n comercial puntualmente solicitada.<\/span><\/p><p><b>CAMBIOS EN LA PRESENTE POL\u00cdTICA DE PRIVACIDAD<\/b><\/p><p><span style=\"font-weight: 400;\">El titular se reserva el derecho a modificar la presente pol\u00edtica para adaptarla a las novedades legislativas o jurisprudenciales.<\/span><\/p><p><span style=\"font-weight: 400;\">Estas pol\u00edticas estar\u00e1n vigentes hasta que sean modificadas por otras debidamente publicadas.<\/span><\/p><p><b>LEGISLACI\u00d3N<\/b><\/p><p><span style=\"font-weight: 400;\">A todos los efectos, las relaciones entre el titular y los usuarios de los servicios telem\u00e1ticos presentes en <\/span><a href=\"http:\/\/www.enfermeracreativa.com\"><span style=\"font-weight: 400;\">www.enfermeracreativa.com <\/span><\/a><span style=\"font-weight: 400;\">se regulan de conformidad con la legislaci\u00f3n y jurisdicci\u00f3n espa\u00f1ola a la que se someten expresamente las partes, siendo competentes en la resoluci\u00f3n de todos los conflictos derivados o relacionados con su uso los Juzgados y Tribunales de Madrid.<\/span><\/p>\t\t\t\t\t\t\t\t<\/div>\n\t\t\t\t<\/div>\n\t\t\t\t<\/div>\n\t\t\t\t<\/div>\n\t\t\t\t<\/div>\n\t\t","protected":false},"excerpt":{"rendered":"<p>Pol\u00edtica de privacidad En cumplimiento del Cap\u00edtulo II de la ley 34\/2002, LSSICE, les informamos de que la presente p\u00e1gina web es propiedad de Ana Isabel Teixeira Pimenta, de ahora en adelante \u201cel titular\u201d, domiciliada en Carrer de Castanys 10, 08005 Barcelona, con n\u00famero de tel\u00e9fono de contacto 602012864 y email info@enfermeracreativa.com.\u00a0\u00a0 En este sentido, [&hellip;]<\/p>\n","protected":false},"author":1,"featured_media":0,"parent":0,"menu_order":0,"comment_status":"closed","ping_status":"closed","template":"","meta":{"footnotes":""},"class_list":["post-1042","page","type-page","status-publish","hentry"],"_links":{"self":[{"href":"https:\/\/enfermeracreativa.com\/es_es\/wp-json\/wp\/v2\/pages\/1042","targetHints":{"allow":["GET"]}}],"collection":[{"href":"https:\/\/enfermeracreativa.com\/es_es\/wp-json\/wp\/v2\/pages"}],"about":[{"href":"https:\/\/enfermeracreativa.com\/es_es\/wp-json\/wp\/v2\/types\/page"}],"author":[{"embeddable":true,"href":"https:\/\/enfermeracreativa.com\/es_es\/wp-json\/wp\/v2\/users\/1"}],"replies":[{"embeddable":true,"href":"https:\/\/enfermeracreativa.com\/es_es\/wp-json\/wp\/v2\/comments?post=1042"}],"version-history":[{"count":76,"href":"https:\/\/enfermeracreativa.com\/es_es\/wp-json\/wp\/v2\/pages\/1042\/revisions"}],"predecessor-version":[{"id":6440,"href":"https:\/\/enfermeracreativa.com\/es_es\/wp-json\/wp\/v2\/pages\/1042\/revisions\/6440"}],"wp:attachment":[{"href":"https:\/\/enfermeracreativa.com\/es_es\/wp-json\/wp\/v2\/media?parent=1042"}],"curies":[{"name":"wp","href":"https:\/\/api.w.org\/{rel}","templated":true}]}}